{"id":957,"date":"2025-09-16T12:32:04","date_gmt":"2025-09-16T12:32:04","guid":{"rendered":"https:\/\/mhnm.ghost.uem.mz\/?page_id=957"},"modified":"2025-09-18T18:33:37","modified_gmt":"2025-09-18T18:33:37","slug":"noticias-2","status":"publish","type":"page","link":"https:\/\/mhnm.uem.mz\/index.php\/noticias-2\/","title":{"rendered":"noticias"},"content":{"rendered":"\t\t<div data-elementor-type=\"wp-page\" data-elementor-id=\"957\" class=\"elementor elementor-957\">\n\t\t\t\t<div class=\"elementor-element elementor-element-53a37cd e-flex e-con-boxed e-con e-parent\" data-id=\"53a37cd\" data-element_type=\"container\" data-e-type=\"container\">\n\t\t\t\t\t<div class=\"e-con-inner\">\n\t\t\t\t<div class=\"elementor-element elementor-element-9d0e7f8 elementor-widget elementor-widget-elementskit-blog-posts\" data-id=\"9d0e7f8\" data-element_type=\"widget\" data-e-type=\"widget\" data-widget_type=\"elementskit-blog-posts.default\">\n\t\t\t\t\t<div class=\"ekit-wid-con\" >        <div id=\"post-items--9d0e7f8\" class=\"row post-items\">\n                    <div class=\"col-md-12\">\n\n                                    <div class=\"elementskit-blog-block-post\">\n                        <div class=\"row no-gutters\">\n                                                            <div class=\"col-md-6 order-1\">\n                                    <a href=\"https:\/\/mhnm.uem.mz\/index.php\/2026\/04\/23\/entre-legado-e-futuro-museu-de-historia-natural-de-maputo-assinala-nova-etapa-de-lideranca\/\" class=\"elementskit-entry-thumb\">\n                                        <img decoding=\"async\" src=\"https:\/\/mhnm.uem.mz\/wp-content\/uploads\/2026\/04\/DSC_1412-813x1024.jpg\" alt=\"Uma Nova Etapa de Lideran\u00e7a: Museu de Hist\u00f3ria Natural Celebra Continuidade e Renova\u00e7\u00e3o\">\n                                    <\/a><!-- .elementskit-entry-thumb END -->\n                                <\/div>\n                            \n                            <div class=\"col-md-6 order-2\">\n                                <div class=\"elementskit-post-body \">\n                                    <div class=\"elementskit-entry-header\">\n                                        \n                                                                                            \t\t\t\t\t                                            \n                                            \n                                                                                            \t\t\t\t<h2 class=\"entry-title\">\n\t\t\t\t\t<a href=\"https:\/\/mhnm.uem.mz\/index.php\/2026\/04\/23\/entre-legado-e-futuro-museu-de-historia-natural-de-maputo-assinala-nova-etapa-de-lideranca\/\">\n\t\t\t\t\t\tUma Nova Etapa de Lideran\u00e7a: Museu de Hist\u00f3ria Natural Celebra Continuidade e Renova\u00e7\u00e3o\t\t\t\t\t<\/a>\n\t\t\t\t<\/h2>\n\t\t\t                                                                                <\/div><!-- .elementskit-entry-header END -->\n\n                                                                            <div class=\"elementskit-post-footer\">\n                                                                                            <p>O Museu de Hist\u00f3ria Natural de Maputo viveu, no dia23 de Mar\u00e7o de 2026 , um momento de elevado significado [&hellip;]<\/p>\n                                                                                                                                <\/div><!-- .elementskit-post-footer END -->\n                                                                    <\/div><!-- .elementskit-post-body END -->\n                            <\/div>\n                        <\/div>\n                    <\/div><!-- .elementskit-blog-block-post .radius .gradient-bg END -->\n                \n            <\/div>\n                    <div class=\"col-md-12\">\n\n                                    <div class=\"elementskit-blog-block-post\">\n                        <div class=\"row no-gutters\">\n                                                            <div class=\"col-md-6 order-1\">\n                                    <a href=\"https:\/\/mhnm.uem.mz\/index.php\/2026\/04\/02\/sala-de-exposicoes-temporarias-acolhe-evento-literario-viajar-na-palavra-com-o-escritor-mia-couto\/\" class=\"elementskit-entry-thumb\">\n                                        <img decoding=\"async\" src=\"https:\/\/mhnm.uem.mz\/wp-content\/uploads\/2026\/04\/1775126339909-768x1024.jpg\" alt=\"Sala de\u00a0Exposi\u00e7\u00f5es\u00a0Tempor\u00e1rias\u00a0acolhe\u00a0evento\u00a0liter\u00e1rio\u00a0\u201cViajar\u00a0na\u00a0Palavra\u201d com o\u00a0escritor\u00a0Mia Couto\u00a0\">\n                                    <\/a><!-- .elementskit-entry-thumb END -->\n                                <\/div>\n                            \n                            <div class=\"col-md-6 order-2\">\n                                <div class=\"elementskit-post-body \">\n                                    <div class=\"elementskit-entry-header\">\n                                        \n                                                                                            \t\t\t\t\t                                            \n                                            \n                                                                                            \t\t\t\t<h2 class=\"entry-title\">\n\t\t\t\t\t<a href=\"https:\/\/mhnm.uem.mz\/index.php\/2026\/04\/02\/sala-de-exposicoes-temporarias-acolhe-evento-literario-viajar-na-palavra-com-o-escritor-mia-couto\/\">\n\t\t\t\t\t\tSala de\u00a0Exposi\u00e7\u00f5es\u00a0Tempor\u00e1rias\u00a0acolhe\u00a0evento\u00a0liter\u00e1rio\u00a0\u201cViajar\u00a0na\u00a0Palavra\u201d com o\u00a0escritor\u00a0Mia Couto\u00a0\t\t\t\t\t<\/a>\n\t\t\t\t<\/h2>\n\t\t\t                                                                                <\/div><!-- .elementskit-entry-header END -->\n\n                                                                            <div class=\"elementskit-post-footer\">\n                                                                                            <p>O Museu de&nbsp;Hist\u00f3ria&nbsp;Natural&nbsp;continua&nbsp;a&nbsp;afirmar-se&nbsp;como&nbsp;um&nbsp;espa\u00e7o&nbsp;de&nbsp;encontro&nbsp;entre o&nbsp;conhecimento, a&nbsp;cultura&nbsp;e a&nbsp;partilha&nbsp;de&nbsp;ideias. Desta&nbsp;vez, a Sala de&nbsp;Exposi\u00e7\u00f5es&nbsp;Tempor\u00e1rias&nbsp;recebeu&nbsp;o&nbsp;evento&nbsp;liter\u00e1rio&nbsp;\u201cViajar&nbsp;na&nbsp;Palavra\u201d,&nbsp;conduzido&nbsp;pelo&nbsp;reconhecido&nbsp;escritor&nbsp;mo\u00e7ambicano&nbsp;Mia Couto,&nbsp;proporcionando&nbsp;ao&nbsp;p\u00fablico&nbsp;um&nbsp;momento&nbsp;inspirador&nbsp;de&nbsp;reflex\u00e3o,&nbsp;di\u00e1logo&nbsp;e&nbsp;valoriza\u00e7\u00e3o&nbsp;da&nbsp;literatura.&nbsp; A atividade reuniu participantes de diferentes \u00e1reas, num ambiente [&hellip;]<\/p>\n                                                                                                                                <\/div><!-- .elementskit-post-footer END -->\n                                                                    <\/div><!-- .elementskit-post-body END -->\n                            <\/div>\n                        <\/div>\n                    <\/div><!-- .elementskit-blog-block-post .radius .gradient-bg END -->\n                \n            <\/div>\n                    <div class=\"col-md-12\">\n\n                                    <div class=\"elementskit-blog-block-post\">\n                        <div class=\"row no-gutters\">\n                                                            <div class=\"col-md-6 order-1\">\n                                    <a href=\"https:\/\/mhnm.uem.mz\/index.php\/2026\/03\/24\/um-espaco-onde-ideias-ganham-vida-realize-o-seu-evento-no-museu-de-historia-natural\/\" class=\"elementskit-entry-thumb\">\n                                        <img decoding=\"async\" src=\"https:\/\/mhnm.uem.mz\/wp-content\/uploads\/2026\/03\/1774340300469-1024x683.jpg\" alt=\"Um espa\u00e7o onde ideias ganham vida \u2014 realize o seu evento no Museu de Hist\u00f3ria Natural\">\n                                    <\/a><!-- .elementskit-entry-thumb END -->\n                                <\/div>\n                            \n                            <div class=\"col-md-6 order-2\">\n                                <div class=\"elementskit-post-body \">\n                                    <div class=\"elementskit-entry-header\">\n                                        \n                                                                                            \t\t\t\t\t                                            \n                                            \n                                                                                            \t\t\t\t<h2 class=\"entry-title\">\n\t\t\t\t\t<a href=\"https:\/\/mhnm.uem.mz\/index.php\/2026\/03\/24\/um-espaco-onde-ideias-ganham-vida-realize-o-seu-evento-no-museu-de-historia-natural\/\">\n\t\t\t\t\t\tUm espa\u00e7o onde ideias ganham vida \u2014 realize o seu evento no Museu de Hist\u00f3ria Natural\t\t\t\t\t<\/a>\n\t\t\t\t<\/h2>\n\t\t\t                                                                                <\/div><!-- .elementskit-entry-header END -->\n\n                                                                            <div class=\"elementskit-post-footer\">\n                                                                                            <p>H\u00e1 lugares que inspiram conhecimento. H\u00e1 espa\u00e7os que criam mem\u00f3rias. No Museu de Hist\u00f3ria Natural de Maputo, o p\u00e1tio para [&hellip;]<\/p>\n                                                                                                                                <\/div><!-- .elementskit-post-footer END -->\n                                                                    <\/div><!-- .elementskit-post-body END -->\n                            <\/div>\n                        <\/div>\n                    <\/div><!-- .elementskit-blog-block-post .radius .gradient-bg END -->\n                \n            <\/div>\n                    <div class=\"col-md-12\">\n\n                                    <div class=\"elementskit-blog-block-post\">\n                        <div class=\"row no-gutters\">\n                                                            <div class=\"col-md-6 order-1\">\n                                    <a href=\"https:\/\/mhnm.uem.mz\/index.php\/2026\/03\/23\/museu-recebe-estudantes-do-instituto-tecnico-de-comunicacoes-itc\/\" class=\"elementskit-entry-thumb\">\n                                        <img decoding=\"async\" src=\"https:\/\/mhnm.uem.mz\/wp-content\/uploads\/2026\/03\/DSC_0121-1024x683.jpg\" alt=\"Museu recebe estudantes do Instituto T\u00e9cnico de Comunica\u00e7\u00f5es (ITC)\">\n                                    <\/a><!-- .elementskit-entry-thumb END -->\n                                <\/div>\n                            \n                            <div class=\"col-md-6 order-2\">\n                                <div class=\"elementskit-post-body \">\n                                    <div class=\"elementskit-entry-header\">\n                                        \n                                                                                            \t\t\t\t\t                                            \n                                            \n                                                                                            \t\t\t\t<h2 class=\"entry-title\">\n\t\t\t\t\t<a href=\"https:\/\/mhnm.uem.mz\/index.php\/2026\/03\/23\/museu-recebe-estudantes-do-instituto-tecnico-de-comunicacoes-itc\/\">\n\t\t\t\t\t\tMuseu recebe estudantes do Instituto T\u00e9cnico de Comunica\u00e7\u00f5es (ITC)\t\t\t\t\t<\/a>\n\t\t\t\t<\/h2>\n\t\t\t                                                                                <\/div><!-- .elementskit-entry-header END -->\n\n                                                                            <div class=\"elementskit-post-footer\">\n                                                                                            <p>O Museu de Hist\u00f3ria Natural de Maputo recebeu recentemente visita de um grupo de estudantes estagi\u00e1rios do Instituto T\u00e9cnico de [&hellip;]<\/p>\n                                                                                                                                <\/div><!-- .elementskit-post-footer END -->\n                                                                    <\/div><!-- .elementskit-post-body END -->\n                            <\/div>\n                        <\/div>\n                    <\/div><!-- .elementskit-blog-block-post .radius .gradient-bg END -->\n                \n            <\/div>\n                    <div class=\"col-md-12\">\n\n                                    <div class=\"elementskit-blog-block-post\">\n                        <div class=\"row no-gutters\">\n                                                            <div class=\"col-md-6 order-1\">\n                                    <a href=\"https:\/\/mhnm.uem.mz\/index.php\/2026\/03\/17\/fim-das-ferias-escolares-no-museu-de-historia-natural\/\" class=\"elementskit-entry-thumb\">\n                                        <img decoding=\"async\" src=\"https:\/\/mhnm.uem.mz\/wp-content\/uploads\/2026\/03\/IMG_1179-1024x683.jpg\" alt=\"\u201cFim das F\u00e9rias Escolares\u201d no Museu de Hist\u00f3ria Natural\">\n                                    <\/a><!-- .elementskit-entry-thumb END -->\n                                <\/div>\n                            \n                            <div class=\"col-md-6 order-2\">\n                                <div class=\"elementskit-post-body \">\n                                    <div class=\"elementskit-entry-header\">\n                                        \n                                                                                            \t\t\t\t\t                                            \n                                            \n                                                                                            \t\t\t\t<h2 class=\"entry-title\">\n\t\t\t\t\t<a href=\"https:\/\/mhnm.uem.mz\/index.php\/2026\/03\/17\/fim-das-ferias-escolares-no-museu-de-historia-natural\/\">\n\t\t\t\t\t\t\u201cFim das F\u00e9rias Escolares\u201d no Museu de Hist\u00f3ria Natural\t\t\t\t\t<\/a>\n\t\t\t\t<\/h2>\n\t\t\t                                                                                <\/div><!-- .elementskit-entry-header END -->\n\n                                                                            <div class=\"elementskit-post-footer\">\n                                                                                            <p>Divertindo tamb\u00e9m aprendemos! Quando as f\u00e9rias escolares estavam prestes a chegar ao fim, o Museu de Hist\u00f3ria Natural lan\u00e7ou um [&hellip;]<\/p>\n                                                                                                                                <\/div><!-- .elementskit-post-footer END -->\n                                                                    <\/div><!-- .elementskit-post-body END -->\n                            <\/div>\n                        <\/div>\n                    <\/div><!-- .elementskit-blog-block-post .radius .gradient-bg END -->\n                \n            <\/div>\n                    <div class=\"col-md-12\">\n\n                                    <div class=\"elementskit-blog-block-post\">\n                        <div class=\"row no-gutters\">\n                                                            <div class=\"col-md-6 order-1\">\n                                    <a href=\"https:\/\/mhnm.uem.mz\/index.php\/2025\/11\/20\/palestra-sobre-competencias-em-informacao-reune-profissionais-do-museu-de-historia-natural\/\" class=\"elementskit-entry-thumb\">\n                                        <img decoding=\"async\" src=\"https:\/\/mhnm.uem.mz\/wp-content\/uploads\/2025\/11\/v9-724x1024.png\" alt=\"Palestra sobre compet\u00eancias em informa\u00e7\u00e3o re\u00fane profissionais do Museu de Hist\u00f3ria Natural\">\n                                    <\/a><!-- .elementskit-entry-thumb END -->\n                                <\/div>\n                            \n                            <div class=\"col-md-6 order-2\">\n                                <div class=\"elementskit-post-body \">\n                                    <div class=\"elementskit-entry-header\">\n                                        \n                                                                                            \t\t\t\t\t                                            \n                                            \n                                                                                            \t\t\t\t<h2 class=\"entry-title\">\n\t\t\t\t\t<a href=\"https:\/\/mhnm.uem.mz\/index.php\/2025\/11\/20\/palestra-sobre-competencias-em-informacao-reune-profissionais-do-museu-de-historia-natural\/\">\n\t\t\t\t\t\tPalestra sobre compet\u00eancias em informa\u00e7\u00e3o re\u00fane profissionais do Museu de Hist\u00f3ria Natural\t\t\t\t\t<\/a>\n\t\t\t\t<\/h2>\n\t\t\t                                                                                <\/div><!-- .elementskit-entry-header END -->\n\n                                                                            <div class=\"elementskit-post-footer\">\n                                                                                            <p>O Museu de Hist\u00f3ria Natural de Maputo, em parceria com a Universidade Eduardo Mondlane e Institui\u00e7\u00f5es Internacionais de refer\u00eancia, realiza [&hellip;]<\/p>\n                                                                                                                                <\/div><!-- .elementskit-post-footer END -->\n                                                                    <\/div><!-- .elementskit-post-body END -->\n                            <\/div>\n                        <\/div>\n                    <\/div><!-- .elementskit-blog-block-post .radius .gradient-bg END -->\n                \n            <\/div>\n                    <div class=\"col-md-12\">\n\n                                    <div class=\"elementskit-blog-block-post\">\n                        <div class=\"row no-gutters\">\n                                                            <div class=\"col-md-6 order-1\">\n                                    <a href=\"https:\/\/mhnm.uem.mz\/index.php\/2025\/10\/31\/museus-de-mocambique-reforcam-capacidades-de-comunicacao-e-identidade-institucional\/\" class=\"elementskit-entry-thumb\">\n                                        <img decoding=\"async\" src=\"https:\/\/mhnm.uem.mz\/wp-content\/uploads\/2025\/10\/IMG_0609-1024x682.jpg\" alt=\"Museus de Mo\u00e7ambique refor\u00e7am capacidades de comunica\u00e7\u00e3o e identidade institucional\">\n                                    <\/a><!-- .elementskit-entry-thumb END -->\n                                <\/div>\n                            \n                            <div class=\"col-md-6 order-2\">\n                                <div class=\"elementskit-post-body \">\n                                    <div class=\"elementskit-entry-header\">\n                                        \n                                                                                            \t\t\t\t\t                                            \n                                            \n                                                                                            \t\t\t\t<h2 class=\"entry-title\">\n\t\t\t\t\t<a href=\"https:\/\/mhnm.uem.mz\/index.php\/2025\/10\/31\/museus-de-mocambique-reforcam-capacidades-de-comunicacao-e-identidade-institucional\/\">\n\t\t\t\t\t\tMuseus de Mo\u00e7ambique refor\u00e7am capacidades de comunica\u00e7\u00e3o e identidade institucional\t\t\t\t\t<\/a>\n\t\t\t\t<\/h2>\n\t\t\t                                                                                <\/div><!-- .elementskit-entry-header END -->\n\n                                                                            <div class=\"elementskit-post-footer\">\n                                                                                            <p>Entre os dias 27 a 29 de outubro de 2025, decorreu em Maputo o Workshop sobre Comunica\u00e7\u00e3o e Identidade Institucional [&hellip;]<\/p>\n                                                                                                                                <\/div><!-- .elementskit-post-footer END -->\n                                                                    <\/div><!-- .elementskit-post-body END -->\n                            <\/div>\n                        <\/div>\n                    <\/div><!-- .elementskit-blog-block-post .radius .gradient-bg END -->\n                \n            <\/div>\n                    <div class=\"col-md-12\">\n\n                                    <div class=\"elementskit-blog-block-post\">\n                        <div class=\"row no-gutters\">\n                                                            <div class=\"col-md-6 order-1\">\n                                    <a href=\"https:\/\/mhnm.uem.mz\/index.php\/2025\/10\/08\/reinauguracao-do-museu-de-historia-natural-de-maputo-marca-nova-era-de-modernizacao-e-inclusao\/\" class=\"elementskit-entry-thumb\">\n                                        <img decoding=\"async\" src=\"https:\/\/mhnm.uem.mz\/wp-content\/uploads\/2025\/10\/556859186_1560436138440652_5906225241128305156_n-1024x1024.jpg\" alt=\"Reinaugura\u00e7\u00e3o do Museu de Hist\u00f3ria Natural de Maputo marca nova era de moderniza\u00e7\u00e3o e inclus\u00e3o\">\n                                    <\/a><!-- .elementskit-entry-thumb END -->\n                                <\/div>\n                            \n                            <div class=\"col-md-6 order-2\">\n                                <div class=\"elementskit-post-body \">\n                                    <div class=\"elementskit-entry-header\">\n                                        \n                                                                                            \t\t\t\t\t                                            \n                                            \n                                                                                            \t\t\t\t<h2 class=\"entry-title\">\n\t\t\t\t\t<a href=\"https:\/\/mhnm.uem.mz\/index.php\/2025\/10\/08\/reinauguracao-do-museu-de-historia-natural-de-maputo-marca-nova-era-de-modernizacao-e-inclusao\/\">\n\t\t\t\t\t\tReinaugura\u00e7\u00e3o do Museu de Hist\u00f3ria Natural de Maputo marca nova era de moderniza\u00e7\u00e3o e inclus\u00e3o\t\t\t\t\t<\/a>\n\t\t\t\t<\/h2>\n\t\t\t                                                                                <\/div><!-- .elementskit-entry-header END -->\n\n                                                                            <div class=\"elementskit-post-footer\">\n                                                                                            <p>No dia 29 de Setembro, o Museu de Hist\u00f3ria Natural de Maputo reabriu oficialmente as suas portas ao p\u00fablico, ap\u00f3s [&hellip;]<\/p>\n                                                                                                                                <\/div><!-- .elementskit-post-footer END -->\n                                                                    <\/div><!-- .elementskit-post-body END -->\n                            <\/div>\n                        <\/div>\n                    <\/div><!-- .elementskit-blog-block-post .radius .gradient-bg END -->\n                \n            <\/div>\n                    <div class=\"col-md-12\">\n\n                                    <div class=\"elementskit-blog-block-post\">\n                        <div class=\"row no-gutters\">\n                                                            <div class=\"col-md-6 order-1\">\n                                    <a href=\"https:\/\/mhnm.uem.mz\/index.php\/2025\/09\/15\/museu-de-historia-natural-conclui-obras-de-reabilitacao-e-acessibilidade\/\" class=\"elementskit-entry-thumb\">\n                                        <img decoding=\"async\" src=\"https:\/\/mhnm.uem.mz\/wp-content\/uploads\/2025\/10\/555616923_1556586572158942_1374884777700987766_n-1024x1024.jpg\" alt=\"Museu de Hist\u00f3ria Natural Conclui Obras de Reabilita\u00e7\u00e3o e Acessibilidade\">\n                                    <\/a><!-- .elementskit-entry-thumb END -->\n                                <\/div>\n                            \n                            <div class=\"col-md-6 order-2\">\n                                <div class=\"elementskit-post-body \">\n                                    <div class=\"elementskit-entry-header\">\n                                        \n                                                                                            \t\t\t\t\t                                            \n                                            \n                                                                                            \t\t\t\t<h2 class=\"entry-title\">\n\t\t\t\t\t<a href=\"https:\/\/mhnm.uem.mz\/index.php\/2025\/09\/15\/museu-de-historia-natural-conclui-obras-de-reabilitacao-e-acessibilidade\/\">\n\t\t\t\t\t\tMuseu de Hist\u00f3ria Natural Conclui Obras de Reabilita\u00e7\u00e3o e Acessibilidade\t\t\t\t\t<\/a>\n\t\t\t\t<\/h2>\n\t\t\t                                                                                <\/div><!-- .elementskit-entry-header END -->\n\n                                                                            <div class=\"elementskit-post-footer\">\n                                                                                            <p>O Museu de Hist\u00f3ria Natural apresenta o seu novo visual, resultado de um processo de moderniza\u00e7\u00e3o que visa melhorar a [&hellip;]<\/p>\n                                                                                                                                <\/div><!-- .elementskit-post-footer END -->\n                                                                    <\/div><!-- .elementskit-post-body END -->\n                            <\/div>\n                        <\/div>\n                    <\/div><!-- .elementskit-blog-block-post .radius .gradient-bg END -->\n                \n            <\/div>\n                    <div class=\"col-md-12\">\n\n                                    <div class=\"elementskit-blog-block-post\">\n                        <div class=\"row no-gutters\">\n                                                            <div class=\"col-md-6 order-1\">\n                                    <a href=\"https:\/\/mhnm.uem.mz\/index.php\/2025\/07\/21\/museu-de-historia-natural-de-maputo-entra-numa-das-fases-finais-do-processo-de-requalificacao\/\" class=\"elementskit-entry-thumb\">\n                                        <img decoding=\"async\" src=\"https:\/\/mhnm.uem.mz\/wp-content\/uploads\/2025\/09\/DSC_0208-scaled-1-1024x683.jpg\" alt=\"Museu de Hist\u00f3ria Natural de Maputo entra numa das fases finais do processo de requalifica\u00e7\u00e3o\">\n                                    <\/a><!-- .elementskit-entry-thumb END -->\n                                <\/div>\n                            \n                            <div class=\"col-md-6 order-2\">\n                                <div class=\"elementskit-post-body \">\n                                    <div class=\"elementskit-entry-header\">\n                                        \n                                                                                            \t\t\t\t\t                                            \n                                            \n                                                                                            \t\t\t\t<h2 class=\"entry-title\">\n\t\t\t\t\t<a href=\"https:\/\/mhnm.uem.mz\/index.php\/2025\/07\/21\/museu-de-historia-natural-de-maputo-entra-numa-das-fases-finais-do-processo-de-requalificacao\/\">\n\t\t\t\t\t\tMuseu de Hist\u00f3ria Natural de Maputo entra numa das fases finais do processo de requalifica\u00e7\u00e3o\t\t\t\t\t<\/a>\n\t\t\t\t<\/h2>\n\t\t\t                                                                                <\/div><!-- .elementskit-entry-header END -->\n\n                                                                            <div class=\"elementskit-post-footer\">\n                                                                                            <p>Encerrado temporariamente desde outubro de 2023, o Museu de Hist\u00f3ria Natural de Maputo aproxima-se da reabertura com importantes avan\u00e7os na [&hellip;]<\/p>\n                                                                                                                                <\/div><!-- .elementskit-post-footer END -->\n                                                                    <\/div><!-- .elementskit-post-body END -->\n                            <\/div>\n                        <\/div>\n                    <\/div><!-- .elementskit-blog-block-post .radius .gradient-bg END -->\n                \n            <\/div>\n                    <div class=\"col-md-12\">\n\n                                    <div class=\"elementskit-blog-block-post\">\n                        <div class=\"row no-gutters\">\n                                                            <div class=\"col-md-6 order-1\">\n                                    <a href=\"https:\/\/mhnm.uem.mz\/index.php\/2025\/07\/16\/o-museu-ate-voce-museu-de-historia-natural-de-maputo-leva-educacao-ambiental-as-escolas-e-comunidades-da-katembe-e-matola\/\" class=\"elementskit-entry-thumb\">\n                                        <img decoding=\"async\" src=\"https:\/\/mhnm.uem.mz\/wp-content\/uploads\/2025\/09\/Comunidade-de-Incassane-18-1024x768.png\" alt=\"O Museu At\u00e9 Voc\u00ea: Museu de Hist\u00f3ria Natural de Maputo Leva Educa\u00e7\u00e3o Ambiental \u00e0s Escolas e Comunidades da Katembe e Matola\">\n                                    <\/a><!-- .elementskit-entry-thumb END -->\n                                <\/div>\n                            \n                            <div class=\"col-md-6 order-2\">\n                                <div class=\"elementskit-post-body \">\n                                    <div class=\"elementskit-entry-header\">\n                                        \n                                                                                            \t\t\t\t\t                                            \n                                            \n                                                                                            \t\t\t\t<h2 class=\"entry-title\">\n\t\t\t\t\t<a href=\"https:\/\/mhnm.uem.mz\/index.php\/2025\/07\/16\/o-museu-ate-voce-museu-de-historia-natural-de-maputo-leva-educacao-ambiental-as-escolas-e-comunidades-da-katembe-e-matola\/\">\n\t\t\t\t\t\tO Museu At\u00e9 Voc\u00ea: Museu de Hist\u00f3ria Natural de Maputo Leva Educa\u00e7\u00e3o Ambiental \u00e0s Escolas e Comunidades da Katembe e Matola\t\t\t\t\t<\/a>\n\t\t\t\t<\/h2>\n\t\t\t                                                                                <\/div><!-- .elementskit-entry-header END -->\n\n                                                                            <div class=\"elementskit-post-footer\">\n                                                                                            <p>No contexto das celebra\u00e7\u00f5es do Dia Mundial da Biodiversidade (22 de maio) e do Dia Mundial do Meio Ambiente (5 [&hellip;]<\/p>\n                                                                                                                                <\/div><!-- .elementskit-post-footer END -->\n                                                                    <\/div><!-- .elementskit-post-body END -->\n                            <\/div>\n                        <\/div>\n                    <\/div><!-- .elementskit-blog-block-post .radius .gradient-bg END -->\n                \n            <\/div>\n                    <div class=\"col-md-12\">\n\n                                    <div class=\"elementskit-blog-block-post\">\n                        <div class=\"row no-gutters\">\n                                                            <div class=\"col-md-6 order-1\">\n                                    <a href=\"https:\/\/mhnm.uem.mz\/index.php\/2025\/03\/25\/um-novo-capitulo-do-projecto-de-reaqualificacao-do-museu-de-historia-natural-de-maputo\/\" class=\"elementskit-entry-thumb\">\n                                        <img decoding=\"async\" src=\"https:\/\/mhnm.uem.mz\/wp-content\/uploads\/2025\/09\/6-1024x1024.jpg\" alt=\"Um novo cap\u00edtulo do projecto de reaqualifica\u00e7\u00e3o do Museu de Hist\u00f3ria Natural de Maputo\">\n                                    <\/a><!-- .elementskit-entry-thumb END -->\n                                <\/div>\n                            \n                            <div class=\"col-md-6 order-2\">\n                                <div class=\"elementskit-post-body \">\n                                    <div class=\"elementskit-entry-header\">\n                                        \n                                                                                            \t\t\t\t\t                                            \n                                            \n                                                                                            \t\t\t\t<h2 class=\"entry-title\">\n\t\t\t\t\t<a href=\"https:\/\/mhnm.uem.mz\/index.php\/2025\/03\/25\/um-novo-capitulo-do-projecto-de-reaqualificacao-do-museu-de-historia-natural-de-maputo\/\">\n\t\t\t\t\t\tUm novo cap\u00edtulo do projecto de reaqualifica\u00e7\u00e3o do Museu de Hist\u00f3ria Natural de Maputo\t\t\t\t\t<\/a>\n\t\t\t\t<\/h2>\n\t\t\t                                                                                <\/div><!-- .elementskit-entry-header END -->\n\n                                                                            <div class=\"elementskit-post-footer\">\n                                                                                            <p>O Museu de Hist\u00f3ria Natural de Maputo recebeu recentemente uma delega\u00e7\u00e3o de especialistas italianos que est\u00e3o a trabalhar em todo [&hellip;]<\/p>\n                                                                                                                                <\/div><!-- .elementskit-post-footer END -->\n                                                                    <\/div><!-- .elementskit-post-body END -->\n                            <\/div>\n                        <\/div>\n                    <\/div><!-- .elementskit-blog-block-post .radius .gradient-bg END -->\n                \n            <\/div>\n                    <div class=\"col-md-12\">\n\n                                    <div class=\"elementskit-blog-block-post\">\n                        <div class=\"row no-gutters\">\n                            \n                            <div class=\"col-md-6 order-2\">\n                                <div class=\"elementskit-post-body \">\n                                    <div class=\"elementskit-entry-header\">\n                                        \n                                                                                            \t\t\t\t\t                                            \n                                            \n                                                                                            \t\t\t\t<h2 class=\"entry-title\">\n\t\t\t\t\t<a href=\"https:\/\/mhnm.uem.mz\/index.php\/2024\/11\/27\/no-parque-nacional-de-gorongosa-investigador-preve-perda-de-integridade-genetica-de-especies\/\">\n\t\t\t\t\t\tNo Parque Nacional de Gorongosa: Investigador prev\u00ea perda de integridade gen\u00e9tica de esp\u00e9cies\t\t\t\t\t<\/a>\n\t\t\t\t<\/h2>\n\t\t\t                                                                                <\/div><!-- .elementskit-entry-header END -->\n\n                                                                            <div class=\"elementskit-post-footer\">\n                                                                                            <p>O investigador do Museu de Hist\u00f3ria Natural da UEM, Doutor Carlos Bento, defendeu que a integridade gen\u00e9tica de algumas esp\u00e9cies [&hellip;]<\/p>\n                                                                                                                                <\/div><!-- .elementskit-post-footer END -->\n                                                                    <\/div><!-- .elementskit-post-body END -->\n                            <\/div>\n                        <\/div>\n                    <\/div><!-- .elementskit-blog-block-post .radius .gradient-bg END -->\n                \n            <\/div>\n                    <div class=\"col-md-12\">\n\n                                    <div class=\"elementskit-blog-block-post\">\n                        <div class=\"row no-gutters\">\n                            \n                            <div class=\"col-md-6 order-2\">\n                                <div class=\"elementskit-post-body \">\n                                    <div class=\"elementskit-entry-header\">\n                                        \n                                                                                            \t\t\t\t\t                                            \n                                            \n                                                                                            \t\t\t\t<h2 class=\"entry-title\">\n\t\t\t\t\t<a href=\"https:\/\/mhnm.uem.mz\/index.php\/2024\/10\/27\/museu-de-historia-natural-celebra-110-anos-de-existencia\/\">\n\t\t\t\t\t\tMuseu de Hist\u00f3ria Natural celebra 110 anos de exist\u00eancia\t\t\t\t\t<\/a>\n\t\t\t\t<\/h2>\n\t\t\t                                                                                <\/div><!-- .elementskit-entry-header END -->\n\n                                                                            <div class=\"elementskit-post-footer\">\n                                                                                            <p>O Museu de Hist\u00f3ria Natural, unidade adstrita \u00e0 Universidade Eduardo Mondlane, completou 110 anos da sua exist\u00eancia, no dia 5 [&hellip;]<\/p>\n                                                                                                                                <\/div><!-- .elementskit-post-footer END -->\n                                                                    <\/div><!-- .elementskit-post-body END -->\n                            <\/div>\n                        <\/div>\n                    <\/div><!-- .elementskit-blog-block-post .radius .gradient-bg END -->\n                \n            <\/div>\n                <\/div>\n       <\/div>\t\t\t\t<\/div>\n\t\t\t\t\t<\/div>\n\t\t\t\t<\/div>\n\t\t\t\t<\/div>\n\t\t","protected":false},"excerpt":{"rendered":"<p>Hello world! Welcome to WordPress. This is your first post. Edit or delete it, then start writing! Museu de Hist\u00f3ria [&hellip;]<\/p>\n","protected":false},"author":1,"featured_media":0,"parent":0,"menu_order":0,"comment_status":"closed","ping_status":"closed","template":"","meta":{"site-sidebar-layout":"no-sidebar","site-content-layout":"","ast-site-content-layout":"full-width-container","site-content-style":"default","site-sidebar-style":"default","ast-global-header-display":"","ast-banner-title-visibility":"","ast-main-header-display":"","ast-hfb-above-header-display":"","ast-hfb-below-header-display":"","ast-hfb-mobile-header-display":"","site-post-title":"disabled","ast-breadcrumbs-content":"","ast-featured-img":"disabled","footer-sml-layout":"","ast-disable-related-posts":"","theme-transparent-header-meta":"default","adv-header-id-meta":"","stick-header-meta":"","header-above-stick-meta":"","header-main-stick-meta":"","header-below-stick-meta":"","astra-migrate-meta-layouts":"set","ast-page-background-enabled":"default","ast-page-background-meta":{"desktop":{"background-color":"var(--ast-global-color-5)","background-image":"","background-repeat":"repeat","background-position":"center center","background-size":"auto","background-attachment":"scroll","background-type":"","background-media":"","overlay-type":"","overlay-color":"","overlay-opacity":"","overlay-gradient":""},"tablet":{"background-color":"","background-image":"","background-repeat":"repeat","background-position":"center center","background-size":"auto","background-attachment":"scroll","background-type":"","background-media":"","overlay-type":"","overlay-color":"","overlay-opacity":"","overlay-gradient":""},"mobile":{"background-color":"","background-image":"","background-repeat":"repeat","background-position":"center center","background-size":"auto","background-attachment":"scroll","background-type":"","background-media":"","overlay-type":"","overlay-color":"","overlay-opacity":"","overlay-gradient":""}},"ast-content-background-meta":{"desktop":{"background-color":"var(--ast-global-color-4)","background-image":"","background-repeat":"repeat","background-position":"center center","background-size":"auto","background-attachment":"scroll","background-type":"","background-media":"","overlay-type":"","overlay-color":"","overlay-opacity":"","overlay-gradient":""},"tablet":{"background-color":"var(--ast-global-color-4)","background-image":"","background-repeat":"repeat","background-position":"center center","background-size":"auto","background-attachment":"scroll","background-type":"","background-media":"","overlay-type":"","overlay-color":"","overlay-opacity":"","overlay-gradient":""},"mobile":{"background-color":"var(--ast-global-color-4)","background-image":"","background-repeat":"repeat","background-position":"center center","background-size":"auto","background-attachment":"scroll","background-type":"","background-media":"","overlay-type":"","overlay-color":"","overlay-opacity":"","overlay-gradient":""}},"footnotes":""},"class_list":["post-957","page","type-page","status-publish","hentry"],"_links":{"self":[{"href":"https:\/\/mhnm.uem.mz\/index.php\/wp-json\/wp\/v2\/pages\/957","targetHints":{"allow":["GET"]}}],"collection":[{"href":"https:\/\/mhnm.uem.mz\/index.php\/wp-json\/wp\/v2\/pages"}],"about":[{"href":"https:\/\/mhnm.uem.mz\/index.php\/wp-json\/wp\/v2\/types\/page"}],"author":[{"embeddable":true,"href":"https:\/\/mhnm.uem.mz\/index.php\/wp-json\/wp\/v2\/users\/1"}],"replies":[{"embeddable":true,"href":"https:\/\/mhnm.uem.mz\/index.php\/wp-json\/wp\/v2\/comments?post=957"}],"version-history":[{"count":3,"href":"https:\/\/mhnm.uem.mz\/index.php\/wp-json\/wp\/v2\/pages\/957\/revisions"}],"predecessor-version":[{"id":1351,"href":"https:\/\/mhnm.uem.mz\/index.php\/wp-json\/wp\/v2\/pages\/957\/revisions\/1351"}],"wp:attachment":[{"href":"https:\/\/mhnm.uem.mz\/index.php\/wp-json\/wp\/v2\/media?parent=957"}],"curies":[{"name":"wp","href":"https:\/\/api.w.org\/{rel}","templated":true}]}}